{"id":3398,"date":"2023-06-16T14:03:57","date_gmt":"2023-06-16T18:03:57","guid":{"rendered":"https:\/\/www.chateausteagnes.com\/?post_type=product&#038;p=3398"},"modified":"2024-07-25T12:40:05","modified_gmt":"2024-07-25T16:40:05","slug":"experience-culinaire-de-la-ferme-a-la-vigne","status":"publish","type":"product","link":"https:\/\/chateausteagnes.com\/fr\/boutique\/experiences-fr\/experience-culinaire-de-la-ferme-a-la-vigne\/","title":{"rendered":"Exp\u00e9rience culinaire de la ferme \u00e0 la vigne en collaboration avec Danny Smiles"},"content":{"rendered":"<p>[et_pb_section fb_built=\u00a0\u00bb1&Prime; _builder_version=\u00a0\u00bb4.19.4&Prime; background_color=\u00a0\u00bbRGBA(255,255,255,0)\u00a0\u00bb width=\u00a0\u00bb100%\u00a0\u00bb max_width=\u00a0\u00bb1900px\u00a0\u00bb custom_padding=\u00a0\u00bb0px||||false|false\u00a0\u00bb global_colors_info=\u00a0\u00bb{}\u00a0\u00bb][et_pb_row _builder_version=\u00a0\u00bb4.16&Prime; background_size=\u00a0\u00bbinitial\u00a0\u00bb background_position=\u00a0\u00bbtop_left\u00a0\u00bb background_repeat=\u00a0\u00bbrepeat\u00a0\u00bb width=\u00a0\u00bb100%\u00a0\u00bb custom_padding=\u00a0\u00bb0px||0px||false|false\u00a0\u00bb global_colors_info=\u00a0\u00bb{}\u00a0\u00bb][et_pb_column type=\u00a0\u00bb4_4&Prime; _builder_version=\u00a0\u00bb4.16&Prime; custom_padding=\u00a0\u00bb|||\u00a0\u00bb global_colors_info=\u00a0\u00bb{}\u00a0\u00bb custom_padding__hover=\u00a0\u00bb|||\u00a0\u00bb][et_pb_wc_breadcrumb _builder_version=\u00a0\u00bb4.16&Prime; global_colors_info=\u00a0\u00bb{}\u00a0\u00bb][\/et_pb_wc_breadcrumb][et_pb_wc_cart_notice _builder_version=\u00a0\u00bb4.19.4&Prime; title_text_color=\u00a0\u00bb#423E3D\u00a0\u00bb title_font_size=\u00a0\u00bb14px\u00a0\u00bb background_color=\u00a0\u00bb#F3EEE7&Prime; custom_button=\u00a0\u00bbon\u00a0\u00bb button_text_size=\u00a0\u00bb14px\u00a0\u00bb button_text_color=\u00a0\u00bb#423E3D\u00a0\u00bb button_bg_color=\u00a0\u00bbRGBA(255,255,255,0)\u00a0\u00bb button_border_width=\u00a0\u00bb1px\u00a0\u00bb button_border_color=\u00a0\u00bb#423E3D\u00a0\u00bb button_border_radius=\u00a0\u00bb0px\u00a0\u00bb button_letter_spacing=\u00a0\u00bb1.5px\u00a0\u00bb button_use_icon=\u00a0\u00bboff\u00a0\u00bb button_custom_padding=\u00a0\u00bb0px|0px|0px|0px|false|false\u00a0\u00bb custom_padding=\u00a0\u00bb10px|16px|10px|16px|false|false\u00a0\u00bb global_colors_info=\u00a0\u00bb{}\u00a0\u00bb][\/et_pb_wc_cart_notice][\/et_pb_column][\/et_pb_row][et_pb_row column_structure=\u00a0\u00bb1_2,1_2&Prime; use_custom_gutter=\u00a0\u00bbon\u00a0\u00bb gutter_width=\u00a0\u00bb2&Prime; _builder_version=\u00a0\u00bb4.21.0&Prime; background_size=\u00a0\u00bbinitial\u00a0\u00bb background_position=\u00a0\u00bbtop_left\u00a0\u00bb background_repeat=\u00a0\u00bbrepeat\u00a0\u00bb width=\u00a0\u00bb100%\u00a0\u00bb custom_margin=\u00a0\u00bb|auto|28px|auto|false|false\u00a0\u00bb custom_padding=\u00a0\u00bb0px||||false|false\u00a0\u00bb global_colors_info=\u00a0\u00bb{}\u00a0\u00bb][et_pb_column type=\u00a0\u00bb1_2&Prime; _builder_version=\u00a0\u00bb4.16&Prime; custom_padding=\u00a0\u00bb|||\u00a0\u00bb global_colors_info=\u00a0\u00bb{}\u00a0\u00bb custom_padding__hover=\u00a0\u00bb|||\u00a0\u00bb][et_pb_text _builder_version=\u00a0\u00bb4.23.4&Prime; _module_preset=\u00a0\u00bbdefault\u00a0\u00bb background_image=\u00a0\u00bbhttps:\/\/www.chateausteagnes.com\/wp-content\/uploads\/FarmtoVine2-scaled.jpeg\u00a0\u00bb height=\u00a0\u00bb850px\u00a0\u00bb height_tablet=\u00a0\u00bb500px\u00a0\u00bb height_phone=\u00a0\u00bb200px\u00a0\u00bb height_last_edited=\u00a0\u00bbon|phone\u00a0\u00bb background_last_edited=\u00a0\u00bbon|desktop\u00a0\u00bb locked=\u00a0\u00bboff\u00a0\u00bb global_colors_info=\u00a0\u00bb{}\u00a0\u00bb][\/et_pb_text][\/et_pb_column][et_pb_column type=\u00a0\u00bb1_2&Prime; _builder_version=\u00a0\u00bb4.16&Prime; custom_padding=\u00a0\u00bb|||\u00a0\u00bb global_colors_info=\u00a0\u00bb{}\u00a0\u00bb custom_padding__hover=\u00a0\u00bb|||\u00a0\u00bb][et_pb_wc_title _builder_version=\u00a0\u00bb4.16&Prime; global_colors_info=\u00a0\u00bb{}\u00a0\u00bb][\/et_pb_wc_title][et_pb_wc_price _builder_version=\u00a0\u00bb4.21.0&Prime; body_font_size=\u00a0\u00bb40px\u00a0\u00bb body_letter_spacing=\u00a0\u00bb2px\u00a0\u00bb body_line_height=\u00a0\u00bb2em\u00a0\u00bb before_sale_price_font_size=\u00a0\u00bb22px\u00a0\u00bb sale_price_font=\u00a0\u00bb|300|||||||\u00a0\u00bb sale_price_text_color=\u00a0\u00bb#423E3D\u00a0\u00bb global_colors_info=\u00a0\u00bb{}\u00a0\u00bb][\/et_pb_wc_price][et_pb_wc_description _builder_version=\u00a0\u00bb4.21.0&Prime; custom_padding=\u00a0\u00bb|130px||||\u00a0\u00bb custom_padding_tablet=\u00a0\u00bb|0px|||false|false\u00a0\u00bb custom_padding_phone=\u00a0\u00bb|0px|||false|false\u00a0\u00bb custom_padding_last_edited=\u00a0\u00bbon|phone\u00a0\u00bb global_colors_info=\u00a0\u00bb{}\u00a0\u00bb][\/et_pb_wc_description][et_pb_toggle title=\u00a0\u00bbQu&rsquo;est-ce qui est inclus ?\u00a0\u00bb icon_color=\u00a0\u00bb#423E3D\u00a0\u00bb toggle_icon=\u00a0\u00bb&#x4c;||divi||400&Prime; open_toggle_icon=\u00a0\u00bb&#x4b;||divi||400&Prime; _builder_version=\u00a0\u00bb4.26.0&Prime; _module_preset=\u00a0\u00bbdefault\u00a0\u00bb background_color=\u00a0\u00bbRGBA(255,255,255,0)\u00a0\u00bb custom_margin=\u00a0\u00bb17px|0px|10px||false|false\u00a0\u00bb custom_margin_tablet=\u00a0\u00bb|0px||0px|false|false\u00a0\u00bb custom_margin_phone=\u00a0\u00bb|0px||0px|false|false\u00a0\u00bb custom_margin_last_edited=\u00a0\u00bbon|tablet\u00a0\u00bb custom_padding=\u00a0\u00bb0px|0px|4px|0px|false|false\u00a0\u00bb custom_padding_tablet=\u00a0\u00bb0px||4px||false|false\u00a0\u00bb custom_padding_phone=\u00a0\u00bb0px||4px||false|false\u00a0\u00bb custom_padding_last_edited=\u00a0\u00bbon|tablet\u00a0\u00bb border_width_all=\u00a0\u00bb0px\u00a0\u00bb border_color_all=\u00a0\u00bbRGBA(255,255,255,0)\u00a0\u00bb border_width_bottom=\u00a0\u00bb1px\u00a0\u00bb border_color_bottom=\u00a0\u00bb#423E3D\u00a0\u00bb locked=\u00a0\u00bboff\u00a0\u00bb global_colors_info=\u00a0\u00bb{}\u00a0\u00bb]<\/p>\n<p>+ <strong>Boissons de Bienvenue &amp; Ap\u00e9ritifs:<\/strong> Commencez votre exp\u00e9rience avec des boissons de bienvenue rafra\u00eechissantes, accompagn\u00e9es d&rsquo;un bar \u00e0 hu\u00eetres et d&rsquo;une s\u00e9lection de crudit\u00e9s.<br \/>+ <strong>Visite Guid\u00e9e:<\/strong> Profitez d&rsquo;une visite guid\u00e9e de notre domaine enchanteur et du ch\u00e2teau et laissez-vous immerger dans la beaut\u00e9 et l&rsquo;histoire de notre vignoble.\u00a0<br \/>+ <strong>Exp\u00e9rience Culinaire de Quatre Services:<\/strong> Savourez une exp\u00e9rience culinaire de quatre services avec des ingr\u00e9dients saisonniers et durables provenant de fermes locales, qui seront servis au centre de la table comme lors d\u2019un souper en famille, accompagn\u00e9s de vin.<\/p>\n<p>[\/et_pb_toggle][et_pb_text _builder_version=\u00a0\u00bb4.21.0&Prime; _module_preset=\u00a0\u00bbdefault\u00a0\u00bb background_video_mp4=\u00a0\u00bbhttps:\/\/www.chateausteagnes.com\/wp-content\/uploads\/Video-Farm-to-Vine.mp4&Prime; height=\u00a0\u00bb350px\u00a0\u00bb height_tablet=\u00a0\u00bb300px\u00a0\u00bb height_phone=\u00a0\u00bb200px\u00a0\u00bb height_last_edited=\u00a0\u00bbon|phone\u00a0\u00bb custom_margin=\u00a0\u00bb40px||||false|false\u00a0\u00bb custom_margin_tablet=\u00a0\u00bb40px||||false|false\u00a0\u00bb custom_margin_phone=\u00a0\u00bb40px||||false|false\u00a0\u00bb custom_margin_last_edited=\u00a0\u00bbon|tablet\u00a0\u00bb global_colors_info=\u00a0\u00bb{}\u00a0\u00bb][\/et_pb_text][et_pb_text _builder_version=\u00a0\u00bb4.21.0&Prime; _module_preset=\u00a0\u00bbdefault\u00a0\u00bb custom_margin=\u00a0\u00bb34px|||||\u00a0\u00bb global_colors_info=\u00a0\u00bb{}\u00a0\u00bb]<\/p>\n<h2>FAQ<\/h2>\n<p>[\/et_pb_text][et_pb_toggle title=\u00a0\u00bbComment dois-je m&rsquo;habiller?\u00a0\u00bb icon_color=\u00a0\u00bb#423E3D\u00a0\u00bb toggle_icon=\u00a0\u00bb&#x4c;||divi||400&Prime; open_toggle_icon=\u00a0\u00bb&#x4b;||divi||400&Prime; _builder_version=\u00a0\u00bb4.21.0&Prime; _module_preset=\u00a0\u00bbdefault\u00a0\u00bb background_color=\u00a0\u00bbRGBA(255,255,255,0)\u00a0\u00bb custom_margin=\u00a0\u00bb4px|0px|4px||true|false\u00a0\u00bb custom_margin_tablet=\u00a0\u00bb|0px||0px|false|false\u00a0\u00bb custom_margin_phone=\u00a0\u00bb|0px||0px|false|false\u00a0\u00bb custom_margin_last_edited=\u00a0\u00bbon|tablet\u00a0\u00bb custom_padding=\u00a0\u00bb0px|0px|4px|0px|false|false\u00a0\u00bb custom_padding_tablet=\u00a0\u00bb0px||4px||false|false\u00a0\u00bb custom_padding_phone=\u00a0\u00bb0px||4px||false|false\u00a0\u00bb custom_padding_last_edited=\u00a0\u00bbon|tablet\u00a0\u00bb border_width_all=\u00a0\u00bb0px\u00a0\u00bb border_color_all=\u00a0\u00bbRGBA(255,255,255,0)\u00a0\u00bb border_width_bottom=\u00a0\u00bb1px\u00a0\u00bb border_color_bottom=\u00a0\u00bb#423E3D\u00a0\u00bb locked=\u00a0\u00bboff\u00a0\u00bb global_colors_info=\u00a0\u00bb{}\u00a0\u00bb]<\/p>\n<p>Dans la tradition De la ferme \u00e0 la vigne, nous vous invitons \u00e0 porter une tenue semi-formelle + votre chapeau pr\u00e9f\u00e9r\u00e9. Les talons pour dames ne sont pas recommand\u00e9s en raison du terrain mixte du vignoble. Veuillez vous habiller en fonction de la m\u00e9t\u00e9o. Il est recommand\u00e9 d\u2019apporter de la cr\u00e8me solaire et un pull!<\/p>\n<p>[\/et_pb_toggle][et_pb_toggle title=\u00a0\u00bbQue se passe-t-il en cas de pluie ?  \u00a0\u00bb icon_color=\u00a0\u00bb#423E3D\u00a0\u00bb toggle_icon=\u00a0\u00bb&#x4c;||divi||400&Prime; open_toggle_icon=\u00a0\u00bb&#x4b;||divi||400&Prime; _builder_version=\u00a0\u00bb4.21.0&Prime; _module_preset=\u00a0\u00bbdefault\u00a0\u00bb background_color=\u00a0\u00bbRGBA(255,255,255,0)\u00a0\u00bb custom_margin=\u00a0\u00bb10px|0px|10px||true|false\u00a0\u00bb custom_margin_tablet=\u00a0\u00bb|0px||0px|false|false\u00a0\u00bb custom_margin_phone=\u00a0\u00bb|0px||0px|false|false\u00a0\u00bb custom_margin_last_edited=\u00a0\u00bbon|tablet\u00a0\u00bb custom_padding=\u00a0\u00bb0px|0px|4px|0px|false|false\u00a0\u00bb custom_padding_tablet=\u00a0\u00bb0px||4px||false|false\u00a0\u00bb custom_padding_phone=\u00a0\u00bb0px||4px||false|false\u00a0\u00bb custom_padding_last_edited=\u00a0\u00bbon|tablet\u00a0\u00bb border_width_all=\u00a0\u00bb0px\u00a0\u00bb border_color_all=\u00a0\u00bbRGBA(255,255,255,0)\u00a0\u00bb border_width_bottom=\u00a0\u00bb1px\u00a0\u00bb border_color_bottom=\u00a0\u00bb#423E3D\u00a0\u00bb locked=\u00a0\u00bboff\u00a0\u00bb global_colors_info=\u00a0\u00bb{}\u00a0\u00bb]<\/p>\n<p data-pm-slice=\"1 1 []\">L&rsquo;\u00e9v\u00e9nement aura lieu beau temps, mauvais temps.\u00a0En cas de pluie, l&rsquo;\u00e9v\u00e9nement sera d\u00e9plac\u00e9 \u00e0 l&rsquo;int\u00e9rieur.<\/p>\n<p>[\/et_pb_toggle][et_pb_toggle title=\u00a0\u00bbQuelle est la politique d&rsquo;annulation ?\u00a0\u00bb icon_color=\u00a0\u00bb#423E3D\u00a0\u00bb toggle_icon=\u00a0\u00bb&#x4c;||divi||400&Prime; open_toggle_icon=\u00a0\u00bb&#x4b;||divi||400&Prime; _builder_version=\u00a0\u00bb4.21.0&Prime; _module_preset=\u00a0\u00bbdefault\u00a0\u00bb background_color=\u00a0\u00bbRGBA(255,255,255,0)\u00a0\u00bb custom_margin=\u00a0\u00bb10px|0px|10px||true|false\u00a0\u00bb custom_margin_tablet=\u00a0\u00bb|0px||0px|false|false\u00a0\u00bb custom_margin_phone=\u00a0\u00bb|0px||0px|false|false\u00a0\u00bb custom_margin_last_edited=\u00a0\u00bbon|tablet\u00a0\u00bb custom_padding=\u00a0\u00bb0px|0px|4px|0px|false|false\u00a0\u00bb custom_padding_tablet=\u00a0\u00bb0px||4px||false|false\u00a0\u00bb custom_padding_phone=\u00a0\u00bb0px||4px||false|false\u00a0\u00bb custom_padding_last_edited=\u00a0\u00bbon|tablet\u00a0\u00bb border_width_all=\u00a0\u00bb0px\u00a0\u00bb border_color_all=\u00a0\u00bbRGBA(255,255,255,0)\u00a0\u00bb border_width_bottom=\u00a0\u00bb1px\u00a0\u00bb border_color_bottom=\u00a0\u00bb#423E3D\u00a0\u00bb locked=\u00a0\u00bboff\u00a0\u00bb global_colors_info=\u00a0\u00bb{}\u00a0\u00bb]<\/p>\n<p data-pm-slice=\"1 1 []\">Puisque les places sont limit\u00e9es, aucun remboursement ne sera effectu\u00e9. Par contre, vous pouvez transf\u00e9rer votre r\u00e9servation \u00e0 quelqu\u2019un d\u2019autre. Veuillez nous envoyer un courriel \u00e0 l\u2019adresse suivante reservations@chateausteagnes.com si vous souhaitez transf\u00e9rer votre r\u00e9servation \u00e0 un ami.<\/p>\n<p>[\/et_pb_toggle][et_pb_toggle title=\u00a0\u00bbAvez-vous des des allergies ou restrictions alimentaires ?  \u00a0\u00bb icon_color=\u00a0\u00bb#423E3D\u00a0\u00bb toggle_icon=\u00a0\u00bb&#x4c;||divi||400&Prime; open_toggle_icon=\u00a0\u00bb&#x4b;||divi||400&Prime; _builder_version=\u00a0\u00bb4.21.0&Prime; _module_preset=\u00a0\u00bbdefault\u00a0\u00bb background_color=\u00a0\u00bbRGBA(255,255,255,0)\u00a0\u00bb custom_margin=\u00a0\u00bb10px|0px|10px||true|false\u00a0\u00bb custom_margin_tablet=\u00a0\u00bb|0px||0px|false|false\u00a0\u00bb custom_margin_phone=\u00a0\u00bb|0px||0px|false|false\u00a0\u00bb custom_margin_last_edited=\u00a0\u00bbon|tablet\u00a0\u00bb custom_padding=\u00a0\u00bb0px|0px|4px|0px|false|false\u00a0\u00bb custom_padding_tablet=\u00a0\u00bb0px||4px||false|false\u00a0\u00bb custom_padding_phone=\u00a0\u00bb0px||4px||false|false\u00a0\u00bb custom_padding_last_edited=\u00a0\u00bbon|tablet\u00a0\u00bb border_width_all=\u00a0\u00bb0px\u00a0\u00bb border_color_all=\u00a0\u00bbRGBA(255,255,255,0)\u00a0\u00bb border_width_bottom=\u00a0\u00bb1px\u00a0\u00bb border_color_bottom=\u00a0\u00bb#423E3D\u00a0\u00bb locked=\u00a0\u00bboff\u00a0\u00bb global_colors_info=\u00a0\u00bb{}\u00a0\u00bb]<\/p>\n<p data-pm-slice=\"1 1 []\">Veuillez noter que nos repas sont servis en style familial. Nous pouvons proposer des options v\u00e9g\u00e9tariennes, vegan et sans gluten. Veuillez nous informer de toute restriction alimentaire dans les notes de votre r\u00e9servation ou \u00e0 l\u2019avance par courriel \u00e0 l\u2019adresse suivante reservations@chateausteagnes.com. Toutes les restrictions alimentaires doivent \u00eatre communiqu\u00e9es au moins 10 jours avant l&rsquo;\u00e9v\u00e9nement.\u00a0 Pass\u00e9 ce d\u00e9lai, nous ne serons malheureusement pas en mesure d&rsquo;accommoder les demandes alimentaires.<\/p>\n<p>[\/et_pb_toggle][et_pb_toggle title=\u00a0\u00bbComment s&rsquo;y rendre?\u00a0\u00bb icon_color=\u00a0\u00bb#423E3D\u00a0\u00bb toggle_icon=\u00a0\u00bb&#x4c;||divi||400&Prime; open_toggle_icon=\u00a0\u00bb&#x4b;||divi||400&Prime; _builder_version=\u00a0\u00bb4.21.0&Prime; _module_preset=\u00a0\u00bbdefault\u00a0\u00bb background_color=\u00a0\u00bbRGBA(255,255,255,0)\u00a0\u00bb custom_margin=\u00a0\u00bb10px|0px|10px||true|false\u00a0\u00bb custom_margin_tablet=\u00a0\u00bb|0px||0px|false|false\u00a0\u00bb custom_margin_phone=\u00a0\u00bb|0px||0px|false|false\u00a0\u00bb custom_margin_last_edited=\u00a0\u00bbon|tablet\u00a0\u00bb custom_padding=\u00a0\u00bb0px|0px|4px|0px|false|false\u00a0\u00bb custom_padding_tablet=\u00a0\u00bb0px||4px||false|false\u00a0\u00bb custom_padding_phone=\u00a0\u00bb0px||4px||false|false\u00a0\u00bb custom_padding_last_edited=\u00a0\u00bbon|tablet\u00a0\u00bb border_width_all=\u00a0\u00bb0px\u00a0\u00bb border_color_all=\u00a0\u00bbRGBA(255,255,255,0)\u00a0\u00bb border_width_bottom=\u00a0\u00bb1px\u00a0\u00bb border_color_bottom=\u00a0\u00bb#423E3D\u00a0\u00bb locked=\u00a0\u00bboff\u00a0\u00bb global_colors_info=\u00a0\u00bb{}\u00a0\u00bb]<\/p>\n<p data-pm-slice=\"1 1 []\">Nos repas sont accompagn\u00e9s de vin, nous vous recommandons donc de pr\u00e9voir un chauffeur d\u00e9sign\u00e9. Il est important de faire les arrangements n\u00e9cessaires \u00e0 l&rsquo;avance, car nous sommes situ\u00e9s dans une r\u00e9gion rurale. Il existe \u00e9galement des h\u00e9bergements dans la ville de Sutton et un nombre limit\u00e9 d&rsquo;h\u00e9bergements disponibles sur place. Pour ceux qui conduisent, nous disposons d\u2019un stationnement sur place.<\/p>\n<p>[\/et_pb_toggle][et_pb_wc_add_to_cart _builder_version=\u00a0\u00bb4.21.0&Prime; _module_preset=\u00a0\u00bbdefault\u00a0\u00bb fields_background_color=\u00a0\u00bbRGBA(255,255,255,0)\u00a0\u00bb fields_text_color=\u00a0\u00bb#423E3D\u00a0\u00bb fields_focus_background_color=\u00a0\u00bbRGBA(255,255,255,0)\u00a0\u00bb fields_focus_text_color=\u00a0\u00bb#423E3D\u00a0\u00bb width_tablet=\u00a0\u00bb100%\u00a0\u00bb width_phone=\u00a0\u00bb100%\u00a0\u00bb width_last_edited=\u00a0\u00bbon|phone\u00a0\u00bb border_width_all_fields=\u00a0\u00bb1px\u00a0\u00bb border_color_all_fields=\u00a0\u00bb#423E3D\u00a0\u00bb global_colors_info=\u00a0\u00bb{}\u00a0\u00bb][\/et_pb_wc_add_to_cart][\/et_pb_column][\/et_pb_row][\/et_pb_section]<\/p>\n","protected":false},"excerpt":{"rendered":"<p><b>DATE :<\/b> DIMANCHE LE 11 AO\u00dbT 2024<br \/>\n<b>HEURE :<\/b> 15H00 \u00e0 21H00<\/p>\n<p><b>\u00c0 PROPOS DE L&rsquo;\u00c9V\u00c9NEMENT :<\/b><br \/>\nJoignez-vous \u00e0 nous pour une exp\u00e9rience gastronomique in\u00e9gal\u00e9e dans le pittoresque vignoble du Ch\u00e2teau Ste-Agn\u00e8s. En collaboration avec le c\u00e9l\u00e8bre chef montr\u00e9alais Danny Smiles. Nous vous pr\u00e9sentons l\u2019\u00e9v\u00e9nement \u00ab De la ferme \u00e0 la vigne\u00bb 2024. <\/p>\n<p>Ne manquez pas cette occasion unique de participer au seul \u00e9v\u00e9nement \u00ab\u2009De la ferme \u00e0 la vigne\u2009\u00bb de la saison 2024. Pr\u00e9parez-vous \u00e0 vivre une soir\u00e9e inoubliable en plein air au c\u0153ur de notre vignoble. Le chef Danny Smiles et Mitch Laughren, accompagn\u00e9s de leur \u00e9quipe du restaurant Le Violon, pr\u00e9pareront un festin gastronomique mettant en valeur des ingr\u00e9dients locaux et saisonniers, qui seront servis au centre de la table comme lors d\u2019un souper en famille.<\/p>\n<p>En plus de vivre une exp\u00e9rience culinaire exceptionnelle et d\u2019admirer des paysages \u00e0 couper le souffle, vous contribuerez aussi \u00e0 une bonne cause. L\u2019\u00e9v\u00e9nement de cette ann\u00e9e vise \u00e0 amasser des fonds pour soutenir la Fondation du Centre jeunesse de la Mont\u00e9r\u00e9gie. <\/p>\n<p>Cet \u00e9v\u00e9nement met en valeur l&rsquo;\u00e9l\u00e9gance de la nature, l&rsquo;art de la cuisine et l&rsquo;esprit de la communaut\u00e9. Rejoignez-nous pour une soir\u00e9e que vous n\u2019oublierez pas !<\/p>\n<p><b>\u00c0 PROPOS DU CHEF :<\/b><br \/>\nDanny Smiles est connu pour son excellence culinaire au restaurant Le Bremner, sa deuxi\u00e8me place \u00e0 Top Chef Canada et sa participation \u00e0 Chuck &#038; Danny&rsquo;s Road Trip et \u00e0 Iron Chef Canada. Le style culinaire de Danny met de l\u2019avant les plats m\u00e9diterran\u00e9ens et italiens, honorant ainsi ses origines familiales. Avec l\u2019ouverture r\u00e9cente de son restaurant tr\u00e8s attendu, le Violon, Danny et son \u00e9quipe promettent une exp\u00e9rience culinaire inoubliable au c\u0153ur de la beaut\u00e9 sereine du domaine. <\/p>\n<p><b>\u00c0 PROPOS DE LA FONDATION :<\/b><br \/>\nLa mission de la Fondation du Centre jeunesse de la Mont\u00e9r\u00e9gie est d&rsquo;am\u00e9liorer la qualit\u00e9 de vie des enfants suivis par la DPJ (La Direction de la protection de la jeunesse)  en les aidant \u00e0 b\u00e2tir un pr\u00e9sent et un futur meilleur en misant sur l\u2019\u00e9ducation, l\u2019acc\u00e8s \u00e0 l\u2019emploi, la sant\u00e9 et une saine vie sociale.<\/p>\n<p><b>LES R\u00c9SERVATIONS :<\/b><br \/>\nLe nombre de places est limit\u00e9 pour garantir l\u2019intimit\u00e9 de l\u2019\u00e9v\u00e9nement. R\u00e9servez vos places d\u00e8s maintenant et participez \u00e0 cette c\u00e9l\u00e9bration gastronomique au profit d\u2019une noble cause. Toutes les ventes de billets sont d\u00e9finitives. Vous recevrez un re\u00e7u d&rsquo;imp\u00f4ts de la part de la fondation pour une partie de votre achat de billets.<\/p>\n","protected":false},"featured_media":728,"template":"","meta":{"_et_pb_use_builder":"on","_et_pb_old_content":"","_et_gb_content_width":""},"product_brand":[],"product_cat":[35],"product_tag":[],"class_list":{"0":"post-3398","1":"product","2":"type-product","3":"status-publish","4":"has-post-thumbnail","6":"product_cat-experiences-fr","8":"first","9":"outofstock","10":"purchasable","11":"product-type-simple"},"yoast_head":"<!-- This site is optimized with the Yoast SEO plugin v27.4 - https:\/\/yoast.com\/product\/yoast-seo-wordpress\/ -->\n<title>Exp\u00e9rience culinaire de la ferme \u00e0 la vigne en collaboration avec Danny Smiles &#8212; Ch\u00e2teau Ste-Agn\u00e8s<\/title>\n<meta name=\"description\" content=\"L&#039;\u00e9v\u00e9nement culinaire \u00ab\u2009De la ferme \u00e0 la vigne\u2009\u00bb 2024, pr\u00e9parez-vous \u00e0 vivre une soir\u00e9e inoubliable en plein air au c\u0153ur de notre vignoble. Le chef Danny Smiles et Mitch Laughren, accompagn\u00e9s de leur \u00e9quipe du restaurant Le Violon, pr\u00e9pareront un festin gastronomique mettant en valeur des ingr\u00e9dients locaux et saisonniers.\" \/>\n<meta name=\"robots\" content=\"index, follow, max-snippet:-1, max-image-preview:large, max-video-preview:-1\" \/>\n<link rel=\"canonical\" href=\"https:\/\/chateausteagnes.com\/fr\/boutique\/experiences-fr\/experience-culinaire-de-la-ferme-a-la-vigne\/\" \/>\n<meta property=\"og:locale\" content=\"fr_FR\" \/>\n<meta property=\"og:type\" content=\"article\" \/>\n<meta property=\"og:title\" content=\"Exp\u00e9rience culinaire de la ferme \u00e0 la vigne en collaboration avec Danny Smiles &#8212; Ch\u00e2teau Ste-Agn\u00e8s\" \/>\n<meta property=\"og:description\" content=\"L&#039;\u00e9v\u00e9nement culinaire \u00ab\u2009De la ferme \u00e0 la vigne\u2009\u00bb 2024, pr\u00e9parez-vous \u00e0 vivre une soir\u00e9e inoubliable en plein air au c\u0153ur de notre vignoble. Le chef Danny Smiles et Mitch Laughren, accompagn\u00e9s de leur \u00e9quipe du restaurant Le Violon, pr\u00e9pareront un festin gastronomique mettant en valeur des ingr\u00e9dients locaux et saisonniers.\" \/>\n<meta property=\"og:url\" content=\"https:\/\/chateausteagnes.com\/fr\/boutique\/experiences-fr\/experience-culinaire-de-la-ferme-a-la-vigne\/\" \/>\n<meta property=\"og:site_name\" content=\"Ch\u00e2teau Ste-Agn\u00e8s\" \/>\n<meta property=\"article:modified_time\" content=\"2024-07-25T16:40:05+00:00\" \/>\n<meta property=\"og:image\" content=\"https:\/\/chateausteagnes.com\/wp-content\/uploads\/Farm_to_Vine_Experience.jpeg\" \/>\n\t<meta property=\"og:image:width\" content=\"1000\" \/>\n\t<meta property=\"og:image:height\" content=\"1250\" \/>\n\t<meta property=\"og:image:type\" content=\"image\/jpeg\" \/>\n<meta name=\"twitter:card\" content=\"summary_large_image\" \/>\n<meta name=\"twitter:label1\" content=\"Dur\u00e9e de lecture estim\u00e9e\" \/>\n\t<meta name=\"twitter:data1\" content=\"3 minutes\" \/>\n<script type=\"application\/ld+json\" class=\"yoast-schema-graph\">{\"@context\":\"https:\\\/\\\/schema.org\",\"@graph\":[{\"@type\":\"WebPage\",\"@id\":\"https:\\\/\\\/chateausteagnes.com\\\/fr\\\/boutique\\\/experiences-fr\\\/experience-culinaire-de-la-ferme-a-la-vigne\\\/\",\"url\":\"https:\\\/\\\/chateausteagnes.com\\\/fr\\\/boutique\\\/experiences-fr\\\/experience-culinaire-de-la-ferme-a-la-vigne\\\/\",\"name\":\"Exp\u00e9rience culinaire de la ferme \u00e0 la vigne en collaboration avec Danny Smiles &#8212; Ch\u00e2teau Ste-Agn\u00e8s\",\"isPartOf\":{\"@id\":\"https:\\\/\\\/chateausteagnes.com\\\/fr\\\/#website\"},\"primaryImageOfPage\":{\"@id\":\"https:\\\/\\\/chateausteagnes.com\\\/fr\\\/boutique\\\/experiences-fr\\\/experience-culinaire-de-la-ferme-a-la-vigne\\\/#primaryimage\"},\"image\":{\"@id\":\"https:\\\/\\\/chateausteagnes.com\\\/fr\\\/boutique\\\/experiences-fr\\\/experience-culinaire-de-la-ferme-a-la-vigne\\\/#primaryimage\"},\"thumbnailUrl\":\"https:\\\/\\\/chateausteagnes.com\\\/wp-content\\\/uploads\\\/Farm_to_Vine_Experience.jpeg\",\"datePublished\":\"2023-06-16T18:03:57+00:00\",\"dateModified\":\"2024-07-25T16:40:05+00:00\",\"description\":\"L'\u00e9v\u00e9nement culinaire \u00ab\u2009De la ferme \u00e0 la vigne\u2009\u00bb 2024, pr\u00e9parez-vous \u00e0 vivre une soir\u00e9e inoubliable en plein air au c\u0153ur de notre vignoble. Le chef Danny Smiles et Mitch Laughren, accompagn\u00e9s de leur \u00e9quipe du restaurant Le Violon, pr\u00e9pareront un festin gastronomique mettant en valeur des ingr\u00e9dients locaux et saisonniers.\",\"breadcrumb\":{\"@id\":\"https:\\\/\\\/chateausteagnes.com\\\/fr\\\/boutique\\\/experiences-fr\\\/experience-culinaire-de-la-ferme-a-la-vigne\\\/#breadcrumb\"},\"inLanguage\":\"fr-FR\",\"potentialAction\":[{\"@type\":\"ReadAction\",\"target\":[\"https:\\\/\\\/chateausteagnes.com\\\/fr\\\/boutique\\\/experiences-fr\\\/experience-culinaire-de-la-ferme-a-la-vigne\\\/\"]}]},{\"@type\":\"ImageObject\",\"inLanguage\":\"fr-FR\",\"@id\":\"https:\\\/\\\/chateausteagnes.com\\\/fr\\\/boutique\\\/experiences-fr\\\/experience-culinaire-de-la-ferme-a-la-vigne\\\/#primaryimage\",\"url\":\"https:\\\/\\\/chateausteagnes.com\\\/wp-content\\\/uploads\\\/Farm_to_Vine_Experience.jpeg\",\"contentUrl\":\"https:\\\/\\\/chateausteagnes.com\\\/wp-content\\\/uploads\\\/Farm_to_Vine_Experience.jpeg\",\"width\":1000,\"height\":1250,\"caption\":\"Exp\u00e9riences de la ferme \u00e0 la vigne au Ch\u00e2teau Ste-Agn\u00e8s\"},{\"@type\":\"BreadcrumbList\",\"@id\":\"https:\\\/\\\/chateausteagnes.com\\\/fr\\\/boutique\\\/experiences-fr\\\/experience-culinaire-de-la-ferme-a-la-vigne\\\/#breadcrumb\",\"itemListElement\":[{\"@type\":\"ListItem\",\"position\":1,\"name\":\"Home\",\"item\":\"https:\\\/\\\/chateausteagnes.com\\\/fr\\\/\"},{\"@type\":\"ListItem\",\"position\":2,\"name\":\"Boutique\",\"item\":\"https:\\\/\\\/chateausteagnes.com\\\/fr\\\/boutique\\\/\"},{\"@type\":\"ListItem\",\"position\":3,\"name\":\"Exp\u00e9rience culinaire de la ferme \u00e0 la vigne en collaboration avec Danny Smiles\"}]},{\"@type\":\"WebSite\",\"@id\":\"https:\\\/\\\/chateausteagnes.com\\\/fr\\\/#website\",\"url\":\"https:\\\/\\\/chateausteagnes.com\\\/fr\\\/\",\"name\":\"Ch\u00e2teau Ste-Agn\u00e8s\",\"description\":\"\",\"publisher\":{\"@id\":\"https:\\\/\\\/chateausteagnes.com\\\/fr\\\/#organization\"},\"potentialAction\":[{\"@type\":\"SearchAction\",\"target\":{\"@type\":\"EntryPoint\",\"urlTemplate\":\"https:\\\/\\\/chateausteagnes.com\\\/fr\\\/?s={search_term_string}\"},\"query-input\":{\"@type\":\"PropertyValueSpecification\",\"valueRequired\":true,\"valueName\":\"search_term_string\"}}],\"inLanguage\":\"fr-FR\"},{\"@type\":\"Organization\",\"@id\":\"https:\\\/\\\/chateausteagnes.com\\\/fr\\\/#organization\",\"name\":\"Ch\u00e2teau Ste-Agn\u00e8s\",\"url\":\"https:\\\/\\\/chateausteagnes.com\\\/fr\\\/\",\"logo\":{\"@type\":\"ImageObject\",\"inLanguage\":\"fr-FR\",\"@id\":\"https:\\\/\\\/chateausteagnes.com\\\/fr\\\/#\\\/schema\\\/logo\\\/image\\\/\",\"url\":\"https:\\\/\\\/www.chateausteagnes.com\\\/wp-content\\\/uploads\\\/2023\\\/01\\\/newlogo-nosymbol.png\",\"contentUrl\":\"https:\\\/\\\/www.chateausteagnes.com\\\/wp-content\\\/uploads\\\/2023\\\/01\\\/newlogo-nosymbol.png\",\"width\":590,\"height\":133,\"caption\":\"Ch\u00e2teau Ste-Agn\u00e8s\"},\"image\":{\"@id\":\"https:\\\/\\\/chateausteagnes.com\\\/fr\\\/#\\\/schema\\\/logo\\\/image\\\/\"}}]}<\/script>\n<!-- \/ Yoast SEO plugin. -->","yoast_head_json":{"title":"Exp\u00e9rience culinaire de la ferme \u00e0 la vigne en collaboration avec Danny Smiles &#8212; Ch\u00e2teau Ste-Agn\u00e8s","description":"L'\u00e9v\u00e9nement culinaire \u00ab\u2009De la ferme \u00e0 la vigne\u2009\u00bb 2024, pr\u00e9parez-vous \u00e0 vivre une soir\u00e9e inoubliable en plein air au c\u0153ur de notre vignoble. Le chef Danny Smiles et Mitch Laughren, accompagn\u00e9s de leur \u00e9quipe du restaurant Le Violon, pr\u00e9pareront un festin gastronomique mettant en valeur des ingr\u00e9dients locaux et saisonniers.","robots":{"index":"index","follow":"follow","max-snippet":"max-snippet:-1","max-image-preview":"max-image-preview:large","max-video-preview":"max-video-preview:-1"},"canonical":"https:\/\/chateausteagnes.com\/fr\/boutique\/experiences-fr\/experience-culinaire-de-la-ferme-a-la-vigne\/","og_locale":"fr_FR","og_type":"article","og_title":"Exp\u00e9rience culinaire de la ferme \u00e0 la vigne en collaboration avec Danny Smiles &#8212; Ch\u00e2teau Ste-Agn\u00e8s","og_description":"L'\u00e9v\u00e9nement culinaire \u00ab\u2009De la ferme \u00e0 la vigne\u2009\u00bb 2024, pr\u00e9parez-vous \u00e0 vivre une soir\u00e9e inoubliable en plein air au c\u0153ur de notre vignoble. Le chef Danny Smiles et Mitch Laughren, accompagn\u00e9s de leur \u00e9quipe du restaurant Le Violon, pr\u00e9pareront un festin gastronomique mettant en valeur des ingr\u00e9dients locaux et saisonniers.","og_url":"https:\/\/chateausteagnes.com\/fr\/boutique\/experiences-fr\/experience-culinaire-de-la-ferme-a-la-vigne\/","og_site_name":"Ch\u00e2teau Ste-Agn\u00e8s","article_modified_time":"2024-07-25T16:40:05+00:00","og_image":[{"width":1000,"height":1250,"url":"https:\/\/chateausteagnes.com\/wp-content\/uploads\/Farm_to_Vine_Experience.jpeg","type":"image\/jpeg"}],"twitter_card":"summary_large_image","twitter_misc":{"Dur\u00e9e de lecture estim\u00e9e":"3 minutes"},"schema":{"@context":"https:\/\/schema.org","@graph":[{"@type":"WebPage","@id":"https:\/\/chateausteagnes.com\/fr\/boutique\/experiences-fr\/experience-culinaire-de-la-ferme-a-la-vigne\/","url":"https:\/\/chateausteagnes.com\/fr\/boutique\/experiences-fr\/experience-culinaire-de-la-ferme-a-la-vigne\/","name":"Exp\u00e9rience culinaire de la ferme \u00e0 la vigne en collaboration avec Danny Smiles &#8212; Ch\u00e2teau Ste-Agn\u00e8s","isPartOf":{"@id":"https:\/\/chateausteagnes.com\/fr\/#website"},"primaryImageOfPage":{"@id":"https:\/\/chateausteagnes.com\/fr\/boutique\/experiences-fr\/experience-culinaire-de-la-ferme-a-la-vigne\/#primaryimage"},"image":{"@id":"https:\/\/chateausteagnes.com\/fr\/boutique\/experiences-fr\/experience-culinaire-de-la-ferme-a-la-vigne\/#primaryimage"},"thumbnailUrl":"https:\/\/chateausteagnes.com\/wp-content\/uploads\/Farm_to_Vine_Experience.jpeg","datePublished":"2023-06-16T18:03:57+00:00","dateModified":"2024-07-25T16:40:05+00:00","description":"L'\u00e9v\u00e9nement culinaire \u00ab\u2009De la ferme \u00e0 la vigne\u2009\u00bb 2024, pr\u00e9parez-vous \u00e0 vivre une soir\u00e9e inoubliable en plein air au c\u0153ur de notre vignoble. Le chef Danny Smiles et Mitch Laughren, accompagn\u00e9s de leur \u00e9quipe du restaurant Le Violon, pr\u00e9pareront un festin gastronomique mettant en valeur des ingr\u00e9dients locaux et saisonniers.","breadcrumb":{"@id":"https:\/\/chateausteagnes.com\/fr\/boutique\/experiences-fr\/experience-culinaire-de-la-ferme-a-la-vigne\/#breadcrumb"},"inLanguage":"fr-FR","potentialAction":[{"@type":"ReadAction","target":["https:\/\/chateausteagnes.com\/fr\/boutique\/experiences-fr\/experience-culinaire-de-la-ferme-a-la-vigne\/"]}]},{"@type":"ImageObject","inLanguage":"fr-FR","@id":"https:\/\/chateausteagnes.com\/fr\/boutique\/experiences-fr\/experience-culinaire-de-la-ferme-a-la-vigne\/#primaryimage","url":"https:\/\/chateausteagnes.com\/wp-content\/uploads\/Farm_to_Vine_Experience.jpeg","contentUrl":"https:\/\/chateausteagnes.com\/wp-content\/uploads\/Farm_to_Vine_Experience.jpeg","width":1000,"height":1250,"caption":"Exp\u00e9riences de la ferme \u00e0 la vigne au Ch\u00e2teau Ste-Agn\u00e8s"},{"@type":"BreadcrumbList","@id":"https:\/\/chateausteagnes.com\/fr\/boutique\/experiences-fr\/experience-culinaire-de-la-ferme-a-la-vigne\/#breadcrumb","itemListElement":[{"@type":"ListItem","position":1,"name":"Home","item":"https:\/\/chateausteagnes.com\/fr\/"},{"@type":"ListItem","position":2,"name":"Boutique","item":"https:\/\/chateausteagnes.com\/fr\/boutique\/"},{"@type":"ListItem","position":3,"name":"Exp\u00e9rience culinaire de la ferme \u00e0 la vigne en collaboration avec Danny Smiles"}]},{"@type":"WebSite","@id":"https:\/\/chateausteagnes.com\/fr\/#website","url":"https:\/\/chateausteagnes.com\/fr\/","name":"Ch\u00e2teau Ste-Agn\u00e8s","description":"","publisher":{"@id":"https:\/\/chateausteagnes.com\/fr\/#organization"},"potentialAction":[{"@type":"SearchAction","target":{"@type":"EntryPoint","urlTemplate":"https:\/\/chateausteagnes.com\/fr\/?s={search_term_string}"},"query-input":{"@type":"PropertyValueSpecification","valueRequired":true,"valueName":"search_term_string"}}],"inLanguage":"fr-FR"},{"@type":"Organization","@id":"https:\/\/chateausteagnes.com\/fr\/#organization","name":"Ch\u00e2teau Ste-Agn\u00e8s","url":"https:\/\/chateausteagnes.com\/fr\/","logo":{"@type":"ImageObject","inLanguage":"fr-FR","@id":"https:\/\/chateausteagnes.com\/fr\/#\/schema\/logo\/image\/","url":"https:\/\/www.chateausteagnes.com\/wp-content\/uploads\/2023\/01\/newlogo-nosymbol.png","contentUrl":"https:\/\/www.chateausteagnes.com\/wp-content\/uploads\/2023\/01\/newlogo-nosymbol.png","width":590,"height":133,"caption":"Ch\u00e2teau Ste-Agn\u00e8s"},"image":{"@id":"https:\/\/chateausteagnes.com\/fr\/#\/schema\/logo\/image\/"}}]}},"jetpack_sharing_enabled":true,"_links":{"self":[{"href":"https:\/\/chateausteagnes.com\/fr\/wp-json\/wp\/v2\/product\/3398","targetHints":{"allow":["GET"]}}],"collection":[{"href":"https:\/\/chateausteagnes.com\/fr\/wp-json\/wp\/v2\/product"}],"about":[{"href":"https:\/\/chateausteagnes.com\/fr\/wp-json\/wp\/v2\/types\/product"}],"wp:featuredmedia":[{"embeddable":true,"href":"https:\/\/chateausteagnes.com\/fr\/wp-json\/wp\/v2\/media\/728"}],"wp:attachment":[{"href":"https:\/\/chateausteagnes.com\/fr\/wp-json\/wp\/v2\/media?parent=3398"}],"wp:term":[{"taxonomy":"product_brand","embeddable":true,"href":"https:\/\/chateausteagnes.com\/fr\/wp-json\/wp\/v2\/product_brand?post=3398"},{"taxonomy":"product_cat","embeddable":true,"href":"https:\/\/chateausteagnes.com\/fr\/wp-json\/wp\/v2\/product_cat?post=3398"},{"taxonomy":"product_tag","embeddable":true,"href":"https:\/\/chateausteagnes.com\/fr\/wp-json\/wp\/v2\/product_tag?post=3398"}],"curies":[{"name":"wp","href":"https:\/\/api.w.org\/{rel}","templated":true}]}}